{"id":1281,"date":"2022-04-14T22:43:36","date_gmt":"2022-04-14T20:43:36","guid":{"rendered":"http:\/\/www.adaje.ch\/wordpress\/?page_id=1281"},"modified":"2025-02-17T21:40:18","modified_gmt":"2025-02-17T20:40:18","slug":"journal-vivants","status":"publish","type":"page","link":"https:\/\/www.adaje.ch\/wordpress\/journal-vivants\/","title":{"rendered":"Le Journal des vivants"},"content":{"rendered":"\n<p class=\"wp-block-paragraph\"><strong>D\u00e9couvrez le Journal des vivants sur<\/strong>\u00a0<strong>Instagram:<\/strong>\u00a0<strong><a href=\"https:\/\/www.instagram.com\/journal.des.vivants\" target=\"_blank\" rel=\"noreferrer noopener\">journal.des.vivants<\/a><\/strong><\/p>\n\n\n\n<p class=\"wp-block-paragraph\">\u00c0 travers le <strong>Journal<em> <\/em>des<em> <\/em>vivants<em>,<\/em><\/strong> l\u2019ADAJE voudrait favoriser le d\u00e9veloppement d\u2019une <strong>culture du vivant<\/strong>:<\/p>\n\n\n\n<ul class=\"wp-block-list\">\n<li>faire exister la flore et la faune de chez nous dans le champ de notre attention<\/li>\n\n\n\n<li>nous encourager \u00e0 tisser des liens avec toutes les formes de vie qui cohabitent avec nous sur la Terre<\/li>\n\n\n\n<li>d\u00e9velopper nos connaissances&nbsp;<\/li>\n\n\n\n<li>faire appel \u00e0 notre capacit\u00e9 d\u2019\u00e9merveillement.<\/li>\n<\/ul>\n\n\n\n<p class=\"wp-block-paragraph\">Ce journal se veut non seulement une invitation \u00e0 reprendre contact avec les vivants non humains qui font partie de notre vie, mais aussi une invitation \u00e0 partager vos exp\u00e9riences pour que ce journal soit le fruit d\u2019une collaboration.<br>L\u2019ADAJE vous propose de devenir reporter et reportrice chez les vivants. Chacune et chacun est invit\u00e9\u00b7e \u00e0 envoyer au Journal des vivants, des photos (ou des vid\u00e9os) et \u00e0 nous informer des observations qu\u2019il aura faites:<\/p>\n\n\n\n<ul class=\"wp-block-list\">\n<li>Observez la vie autour de vous.<\/li>\n\n\n\n<li>Prenez des photos.<\/li>\n\n\n\n<li>Envoyez-nous vos photos.<\/li>\n\n\n\n<li>Envoyez-nous \u00e9galement les informations suivantes si vous le souhaitez :<br>Nom, pr\u00e9nom, date de la photo, lieu de la photo et commentaires.<\/li>\n\n\n\n<li>Envoyez vos photos et informations \u00e0: <a href=\"mailto:info@adaje.ch\">info@adaje.ch<\/a><\/li>\n<\/ul>\n\n\n\n<p class=\"wp-block-paragraph\"><\/p>\n","protected":false},"excerpt":{"rendered":"<p>D\u00e9couvrez le Journal des vivants sur\u00a0Instagram:\u00a0journal.des.vivants \u00c0 travers le Journal des vivants, l\u2019ADAJE voudrait favoriser le d\u00e9veloppement d\u2019une culture du vivant: Ce journal se veut non seulement une invitation \u00e0 [&hellip;]<\/p>\n","protected":false},"author":5,"featured_media":0,"parent":0,"menu_order":0,"comment_status":"open","ping_status":"closed","template":"","meta":{"ngg_post_thumbnail":0,"_price":"","_stock":"","_tribe_ticket_header":"","_tribe_default_ticket_provider":"","_tribe_ticket_capacity":"0","_ticket_start_date":"","_ticket_end_date":"","_tribe_ticket_show_description":"","_tribe_ticket_show_not_going":false,"_tribe_ticket_use_global_stock":"","_tribe_ticket_global_stock_level":"","_global_stock_mode":"","_global_stock_cap":"","_tribe_rsvp_for_event":"","_tribe_ticket_going_count":"","_tribe_ticket_not_going_count":"","_tribe_tickets_list":"[]","_tribe_ticket_has_attendee_info_fields":false,"footnotes":"","_tec_slr_enabled":"","_tec_slr_layout":""},"class_list":["post-1281","page","type-page","status-publish","hentry"],"ticketed":false,"_links":{"self":[{"href":"https:\/\/www.adaje.ch\/wordpress\/wp-json\/wp\/v2\/pages\/1281","targetHints":{"allow":["GET"]}}],"collection":[{"href":"https:\/\/www.adaje.ch\/wordpress\/wp-json\/wp\/v2\/pages"}],"about":[{"href":"https:\/\/www.adaje.ch\/wordpress\/wp-json\/wp\/v2\/types\/page"}],"author":[{"embeddable":true,"href":"https:\/\/www.adaje.ch\/wordpress\/wp-json\/wp\/v2\/users\/5"}],"replies":[{"embeddable":true,"href":"https:\/\/www.adaje.ch\/wordpress\/wp-json\/wp\/v2\/comments?post=1281"}],"version-history":[{"count":7,"href":"https:\/\/www.adaje.ch\/wordpress\/wp-json\/wp\/v2\/pages\/1281\/revisions"}],"predecessor-version":[{"id":5991,"href":"https:\/\/www.adaje.ch\/wordpress\/wp-json\/wp\/v2\/pages\/1281\/revisions\/5991"}],"wp:attachment":[{"href":"https:\/\/www.adaje.ch\/wordpress\/wp-json\/wp\/v2\/media?parent=1281"}],"curies":[{"name":"wp","href":"https:\/\/api.w.org\/{rel}","templated":true}]}}